{"id":702,"date":"2013-05-06T13:25:22","date_gmt":"2013-05-06T11:25:22","guid":{"rendered":"http:\/\/www.atorgael.com\/figurines\/?page_id=702"},"modified":"2015-09-16T11:07:31","modified_gmt":"2015-09-16T09:07:31","slug":"figurines-en-vracs","status":"publish","type":"page","link":"https:\/\/www.atorgael.com\/figurine\/figurines-en-vracs\/","title":{"rendered":"Figurines en vracs"},"content":{"rendered":"<p>Une page o\u00f9 je vais y fourrer diverses figurines que j&rsquo;ai pu peindre ou en cours de peinture. Comme il n&rsquo;y a pas beaucoup d&rsquo;explications (quand il y en a), il n&rsquo;y avait pas mati\u00e8re \u00e0 faire un article, donc c&rsquo;est en vrac.<\/p>\n<p>Les plus r\u00e9cents apports \u00e0 cette page se trouvent en d\u00e9but de page.<\/p>\n<p>Pour savoir tout ce qui me reste \u00e0 faire, je vous invite \u00e0 vous rendre sur cette autre page d\u00e9crivant <a title=\"Sur l\u2019\u00e9tabli\" href=\"http:\/\/www.atorgael.com\/figurine\/figurines-en-vracs\/sur-letabli\/\">mon \u00e9tabli<\/a>.<\/p>\n<p><strong>20 septembre 2012<\/strong><\/p>\n<p>Voici un inquisiteur qui trainait depuis des ann\u00e9es dans sa boite, j\u2019ai nomm\u00e9 l\u2019Inquisiteur Coteaz. Peint entre 2 autres figurines demandant des temps de s\u00e9chage longs et pour se changer les id\u00e9es\u2026<\/p>\n<p><img loading=\"lazy\" decoding=\"async\" class=\"aligncenter size-full wp-image-714\" src=\"http:\/\/www.atorgael.com\/figurine\/files\/2013\/05\/inq_coteaz.jpg\" alt=\"inq_coteaz\" width=\"697\" height=\"861\" srcset=\"https:\/\/www.atorgael.com\/figurine\/files\/2013\/05\/inq_coteaz.jpg 697w, https:\/\/www.atorgael.com\/figurine\/files\/2013\/05\/inq_coteaz-121x150.jpg 121w, https:\/\/www.atorgael.com\/figurine\/files\/2013\/05\/inq_coteaz-242x300.jpg 242w, https:\/\/www.atorgael.com\/figurine\/files\/2013\/05\/inq_coteaz-647x800.jpg 647w\" sizes=\"auto, (max-width: 697px) 100vw, 697px\" \/><\/p>\n<p><strong>16 avril 2012<\/strong><\/p>\n<p>Une figurine peinte en quelques heures durant le weekend de P\u00e2ques, un pr\u00e8tre des runes des Space Wolf.<\/p>\n<p><img loading=\"lazy\" decoding=\"async\" class=\"aligncenter size-full wp-image-713\" src=\"http:\/\/www.atorgael.com\/figurine\/files\/2013\/05\/pretrerunes.jpg\" alt=\"pretrerunes\" width=\"800\" height=\"1285\" \/><\/p>\n<p><strong>15 mai 2011<\/strong><\/p>\n<p>Derni\u00e8re fig en date et franchement pas mal avanc\u00e9e (selon mes crit\u00e8res \u00e9videmment et qui ne sont pas bien \u00e9lev\u00e9s), un assassin Eversor trouv\u00e9 au fond d\u2019une boite alors que je d\u00e9poussi\u00e9rais mes chevaliers gris.<\/p>\n<p><img loading=\"lazy\" decoding=\"async\" class=\"aligncenter size-full wp-image-712\" src=\"http:\/\/www.atorgael.com\/figurine\/files\/2013\/05\/assassin-wip01.jpg\" alt=\"assassin-wip01\" width=\"715\" height=\"782\" srcset=\"https:\/\/www.atorgael.com\/figurine\/files\/2013\/05\/assassin-wip01.jpg 715w, https:\/\/www.atorgael.com\/figurine\/files\/2013\/05\/assassin-wip01-137x150.jpg 137w, https:\/\/www.atorgael.com\/figurine\/files\/2013\/05\/assassin-wip01-274x300.jpg 274w\" sizes=\"auto, (max-width: 715px) 100vw, 715px\" \/><\/p>\n<p>Premi\u00e8re vue en cours de travail soit une base de noir, uns couche de gris et un encrage noir.<\/p>\n<p>Et voila ce que \u00e7a donne quelques couches plus tard.<\/p>\n<p><img loading=\"lazy\" decoding=\"async\" class=\"aligncenter size-full wp-image-710\" src=\"http:\/\/www.atorgael.com\/figurine\/files\/2013\/05\/assassin-wip02.jpg\" alt=\"assassin-wip02\" width=\"800\" height=\"774\" srcset=\"https:\/\/www.atorgael.com\/figurine\/files\/2013\/05\/assassin-wip02.jpg 800w, https:\/\/www.atorgael.com\/figurine\/files\/2013\/05\/assassin-wip02-150x145.jpg 150w, https:\/\/www.atorgael.com\/figurine\/files\/2013\/05\/assassin-wip02-300x290.jpg 300w\" sizes=\"auto, (max-width: 800px) 100vw, 800px\" \/> <img loading=\"lazy\" decoding=\"async\" class=\"aligncenter size-full wp-image-711\" src=\"http:\/\/www.atorgael.com\/figurine\/files\/2013\/05\/assassin-wip03.jpg\" alt=\"assassin-wip03\" width=\"800\" height=\"802\" srcset=\"https:\/\/www.atorgael.com\/figurine\/files\/2013\/05\/assassin-wip03.jpg 800w, https:\/\/www.atorgael.com\/figurine\/files\/2013\/05\/assassin-wip03-150x150.jpg 150w, https:\/\/www.atorgael.com\/figurine\/files\/2013\/05\/assassin-wip03-300x300.jpg 300w, https:\/\/www.atorgael.com\/figurine\/files\/2013\/05\/assassin-wip03-798x800.jpg 798w\" sizes=\"auto, (max-width: 800px) 100vw, 800px\" \/><\/p>\n<p><strong>30 avril 2011<\/strong><\/p>\n<p>Oh, un Ent du jeu \u00ab\u00a0Le Seigneur des Anneaux\u00a0\u00bb. 3-4 heures en tout sur cette figurine.<\/p>\n<p><img loading=\"lazy\" decoding=\"async\" class=\"aligncenter size-full wp-image-709\" src=\"http:\/\/www.atorgael.com\/figurine\/files\/2013\/05\/sda_ent.jpg\" alt=\"sda_ent\" width=\"800\" height=\"624\" srcset=\"https:\/\/www.atorgael.com\/figurine\/files\/2013\/05\/sda_ent.jpg 800w, https:\/\/www.atorgael.com\/figurine\/files\/2013\/05\/sda_ent-150x117.jpg 150w, https:\/\/www.atorgael.com\/figurine\/files\/2013\/05\/sda_ent-300x234.jpg 300w\" sizes=\"auto, (max-width: 800px) 100vw, 800px\" \/><\/p>\n<p>Un vieux minotaure peint il y a un petit moment maintenant suivi d\u2019un pr\u00eatre avec un gros marteau.<\/p>\n<p><img loading=\"lazy\" decoding=\"async\" class=\"aligncenter size-full wp-image-707\" src=\"http:\/\/www.atorgael.com\/figurine\/files\/2013\/05\/minotaure00.jpg\" alt=\"minotaure00\" width=\"800\" height=\"954\" srcset=\"https:\/\/www.atorgael.com\/figurine\/files\/2013\/05\/minotaure00.jpg 800w, https:\/\/www.atorgael.com\/figurine\/files\/2013\/05\/minotaure00-125x150.jpg 125w, https:\/\/www.atorgael.com\/figurine\/files\/2013\/05\/minotaure00-251x300.jpg 251w, https:\/\/www.atorgael.com\/figurine\/files\/2013\/05\/minotaure00-670x800.jpg 670w\" sizes=\"auto, (max-width: 800px) 100vw, 800px\" \/> <img loading=\"lazy\" decoding=\"async\" class=\"aligncenter size-full wp-image-708\" src=\"http:\/\/www.atorgael.com\/figurine\/files\/2013\/05\/pretre.jpg\" alt=\"pretre\" width=\"800\" height=\"964\" srcset=\"https:\/\/www.atorgael.com\/figurine\/files\/2013\/05\/pretre.jpg 800w, https:\/\/www.atorgael.com\/figurine\/files\/2013\/05\/pretre-124x150.jpg 124w, https:\/\/www.atorgael.com\/figurine\/files\/2013\/05\/pretre-248x300.jpg 248w, https:\/\/www.atorgael.com\/figurine\/files\/2013\/05\/pretre-663x800.jpg 663w\" sizes=\"auto, (max-width: 800px) 100vw, 800px\" \/><\/p>\n<p><strong>17 avril 2011<\/strong><\/p>\n<p>Voici une autre figurine dans l\u2019univers de Warhammer ; Un ogre. Il reste quelques petites choses \u00e0 terminer mais on se rapproche de la fin.<\/p>\n<p><img loading=\"lazy\" decoding=\"async\" class=\"aligncenter size-full wp-image-705\" src=\"http:\/\/www.atorgael.com\/figurine\/files\/2013\/05\/ogre02-1024x931.jpg\" alt=\"ogre02-1024x931\" width=\"1024\" height=\"931\" srcset=\"https:\/\/www.atorgael.com\/figurine\/files\/2013\/05\/ogre02-1024x931.jpg 1024w, https:\/\/www.atorgael.com\/figurine\/files\/2013\/05\/ogre02-1024x931-150x136.jpg 150w, https:\/\/www.atorgael.com\/figurine\/files\/2013\/05\/ogre02-1024x931-300x272.jpg 300w, https:\/\/www.atorgael.com\/figurine\/files\/2013\/05\/ogre02-1024x931-800x727.jpg 800w\" sizes=\"auto, (max-width: 1024px) 100vw, 1024px\" \/> <img loading=\"lazy\" decoding=\"async\" class=\"aligncenter size-full wp-image-704\" src=\"http:\/\/www.atorgael.com\/figurine\/files\/2013\/05\/ogre01-893x1024.jpg\" alt=\"ogre01-893x1024\" width=\"893\" height=\"1024\" srcset=\"https:\/\/www.atorgael.com\/figurine\/files\/2013\/05\/ogre01-893x1024.jpg 893w, https:\/\/www.atorgael.com\/figurine\/files\/2013\/05\/ogre01-893x1024-130x150.jpg 130w, https:\/\/www.atorgael.com\/figurine\/files\/2013\/05\/ogre01-893x1024-261x300.jpg 261w, https:\/\/www.atorgael.com\/figurine\/files\/2013\/05\/ogre01-893x1024-697x800.jpg 697w\" sizes=\"auto, (max-width: 893px) 100vw, 893px\" \/><\/p>\n<p>Et un gros plan sur le socle :<\/p>\n<p><img loading=\"lazy\" decoding=\"async\" class=\"aligncenter size-full wp-image-706\" src=\"http:\/\/www.atorgael.com\/figurine\/files\/2013\/05\/socle_ogre01-1024x611.jpg\" alt=\"socle_ogre01-1024x611\" width=\"1024\" height=\"611\" srcset=\"https:\/\/www.atorgael.com\/figurine\/files\/2013\/05\/socle_ogre01-1024x611.jpg 1024w, https:\/\/www.atorgael.com\/figurine\/files\/2013\/05\/socle_ogre01-1024x611-150x89.jpg 150w, https:\/\/www.atorgael.com\/figurine\/files\/2013\/05\/socle_ogre01-1024x611-300x179.jpg 300w, https:\/\/www.atorgael.com\/figurine\/files\/2013\/05\/socle_ogre01-1024x611-800x477.jpg 800w\" sizes=\"auto, (max-width: 1024px) 100vw, 1024px\" \/>.<\/p>\n<p><strong>1er novembre 2010<\/strong><\/p>\n<p>Ce weekend j\u2019ai donc trouv\u00e9 le temps de peindre cette figurine apr\u00e8s \u00eatre tomb\u00e9 sur un lot de pi\u00e8ces d\u00e9tach\u00e9es qui prenaient la poussi\u00e8re dans une boite au fond d\u2019une armoire. Oui, l\u00e0 o\u00f9 j\u2019\u00e9tais, la poussi\u00e8re est fine et assez sournoise pour se glisser dans une boite au fond d\u2019une armoire.<\/p>\n<p>Bref, voici la figurine en question :<\/p>\n<p><img loading=\"lazy\" decoding=\"async\" class=\"aligncenter size-full wp-image-703\" src=\"http:\/\/www.atorgael.com\/figurine\/files\/2013\/05\/ghaltdorf.jpg\" alt=\"ghaltdorf\" width=\"773\" height=\"800\" srcset=\"https:\/\/www.atorgael.com\/figurine\/files\/2013\/05\/ghaltdorf.jpg 773w, https:\/\/www.atorgael.com\/figurine\/files\/2013\/05\/ghaltdorf-144x150.jpg 144w, https:\/\/www.atorgael.com\/figurine\/files\/2013\/05\/ghaltdorf-289x300.jpg 289w\" sizes=\"auto, (max-width: 773px) 100vw, 773px\" \/><\/p>\n<p>C\u2019est une figurine repr\u00e9sentant un officier de la garde d\u2019honneur d\u2019Altdorf pour le jeu de figurine Warhammer.<\/p>\n<p>Tunique rouge et bleu, armure noire (l\u00e0 elle est plus sombre que noire) et plume dor\u00e9e. Arm\u00e9e d\u2019un marteau de guerre, cet officier m\u00e8ne la charge en prenant soin d\u2019\u00e9claircir les rangs adverse d\u2019en face \u00e0 grand coup de pistolet. Derri\u00e8re lui, une horde de hallebardiers. Quel tableau !<\/p>\n<p>Couleurs utilis\u00e9es (peinture Games Workshop) :<\/p>\n<ul>\n<li>Pour le rouge : Mechrite red + lavis de Leviathan purple + brossage de blood red<\/li>\n<li>Pour le bleu : Mordian blue + lavis de Leviathan purple + brossage de Lightning blue<\/li>\n<li>L\u2019armure est en Boltgun metal + des lavis superpos\u00e9s de Badad Black<\/li>\n<li>Calthan brown + Devlan mud pour les marrons<\/li>\n<li>Sunburst Yellow et lavis de Gryphon s\u00e9pia pour la plume.<\/li>\n<li>Le visage est de la chair bronz\u00e9e ombr\u00e9e au lavis d\u2019ogryn flesh pour une barbe de grey space wolf ombr\u00e9e au noir.<\/li>\n<\/ul>\n<p>Des couleurs simples \u00e0 poser, des techniques basiques pour un rendu sans miracle mais honorable.<\/p>\n<p>La base est r\u00e9alis\u00e9e avec de l\u2019herbe statique n\u00e9gligemment pos\u00e9e sur le socle et dont les trous ont re\u00e7u un lavis de Devlan mud. Au final on a une impression de pelouse arrach\u00e9e par endroit. Deux ou trois malotrus sont pass\u00e9s dans ce jardin avec leurs gros sabots et notre officier s\u2019en va les corriger en fait.<\/p>\n<p>Bient\u00f4t le reste de l\u2019unit\u00e9 ? Rien de pr\u00e9vu pour le moment mais si l\u2019occasion venait \u00e0 se pr\u00e9senter \u2026<\/p>\n<p><strong>4 juillet 2008<\/strong><\/p>\n<p>Ma premi\u00e8re figurine pour les chevaliers gris, elle attendra longtemps les suivantes&#8230;<\/p>\n<p><span style=\"text-decoration: underline;\">Le Fr\u00e8re Capitaine Quintus<\/span><\/p>\n<p>Le personnage qui dirige actuellement mes troupes et un petit tutorial en pas \u00e0 pas pour vous indiquer comment j&rsquo;ai pos\u00e9 mes couleurs dessus.<\/p>\n<ul>\n<li>Sous couche &#8211; Gris codex en bombe et finition au pinceau.<\/li>\n<\/ul>\n<ul>\n<li>Visage &#8211; Base de Bronzed Flesh puis brossage de Efl Flesh.<\/li>\n<li>Cheveux et sourcils &#8211; Base Gris codex + lavis Noir et brossage de Gris elfique<\/li>\n<\/ul>\n<ul>\n<li>Peinture de toutes les parties m\u00e9tallique en Metal bolter<\/li>\n<li>Armure &#8211; Lavis Armor Wash<\/li>\n<li>Aplat de Dwarven Bronze sur les dorures et sur la Crux Terminatus en sautoir<\/li>\n<li>Brossage de Mithril Silver sur l&rsquo;armure<\/li>\n<\/ul>\n<ul>\n<li>Fulgurant &#8211; lavis Armor Wash l\u00e9ger, fort pour les canons et munitions<\/li>\n<li>Carcasse en Tin Bitz puis brossage de Bronze puis brossage de Shining Gold<\/li>\n<\/ul>\n<ul>\n<li>Ep\u00e9e &#8211; Pommeau : idem que pour la carcasse du fulgurant<\/li>\n<li>Lame : Lavis (bleu+m\u00e9tal), brossage de mithril, lavis encre bleue, brossage mithril, encre bleue dilu\u00e9e puis une ligne de mithril au centre de la lame.<\/li>\n<\/ul>\n<ul>\n<li>Livre &#8211; Couverture : Scorched brown puis brossage camo desert<\/li>\n<li>Pages : Camo desert et lavis de Brown<\/li>\n<li>Cordelette : Aplat l\u00e9ger d&rsquo;or<\/li>\n<\/ul>\n<ul>\n<li>Toge &#8211; Base en gris codex, brossage gris elfique, eclaircissement de blanc<\/li>\n<\/ul>\n<ul>\n<li>Cape &#8211; Bleue<\/li>\n<li>Lanni\u00e8re : blanche<\/li>\n<\/ul>\n<ul>\n<li>Bouclier &#8211; Face arri\u00e8re : M\u00e9tal + Lavis Armor + Bronze<\/li>\n<li>Face avant : H\u00e9raldique Cr\u00e9nel\u00e9e d&rsquo;Azur et d&rsquo;Argent<\/li>\n<\/ul>\n<ul>\n<li>Epaule &#8211; Nom QUINTUS en blanc sur bleu clair<\/li>\n<li>Livre &#8211; Pages : desert + lavis brown<\/li>\n<li>Ep\u00e9e : Noire<\/li>\n<li>Crane : brossage gris elfique<\/li>\n<\/ul>\n<p>Au final \u00e7a donne ceci :<\/p>\n<p><img loading=\"lazy\" decoding=\"async\" class=\"aligncenter size-full wp-image-716\" src=\"http:\/\/www.atorgael.com\/figurine\/files\/2013\/05\/quintus.jpg\" alt=\"quintus\" width=\"456\" height=\"604\" srcset=\"https:\/\/www.atorgael.com\/figurine\/files\/2013\/05\/quintus.jpg 456w, https:\/\/www.atorgael.com\/figurine\/files\/2013\/05\/quintus-113x150.jpg 113w, https:\/\/www.atorgael.com\/figurine\/files\/2013\/05\/quintus-226x300.jpg 226w\" sizes=\"auto, (max-width: 456px) 100vw, 456px\" \/><\/p>\n","protected":false},"excerpt":{"rendered":"<p>Une page o\u00f9 je vais y fourrer diverses figurines que j&rsquo;ai pu peindre ou en cours de peinture. Comme il n&rsquo;y a pas beaucoup d&rsquo;explications (quand il y en a), il n&rsquo;y avait pas mati\u00e8re \u00e0 faire un article, donc c&rsquo;est en vrac. Les plus r\u00e9cents apports \u00e0 cette page se trouvent en d\u00e9but de [&hellip;]<\/p>\n","protected":false},"author":2,"featured_media":707,"parent":0,"menu_order":0,"comment_status":"open","ping_status":"open","template":"","meta":{"footnotes":""},"class_list":["post-702","page","type-page","status-publish","has-post-thumbnail","czr-hentry"],"_links":{"self":[{"href":"https:\/\/www.atorgael.com\/figurine\/wp-json\/wp\/v2\/pages\/702","targetHints":{"allow":["GET"]}}],"collection":[{"href":"https:\/\/www.atorgael.com\/figurine\/wp-json\/wp\/v2\/pages"}],"about":[{"href":"https:\/\/www.atorgael.com\/figurine\/wp-json\/wp\/v2\/types\/page"}],"author":[{"embeddable":true,"href":"https:\/\/www.atorgael.com\/figurine\/wp-json\/wp\/v2\/users\/2"}],"replies":[{"embeddable":true,"href":"https:\/\/www.atorgael.com\/figurine\/wp-json\/wp\/v2\/comments?post=702"}],"version-history":[{"count":0,"href":"https:\/\/www.atorgael.com\/figurine\/wp-json\/wp\/v2\/pages\/702\/revisions"}],"wp:featuredmedia":[{"embeddable":true,"href":"https:\/\/www.atorgael.com\/figurine\/wp-json\/wp\/v2\/media\/707"}],"wp:attachment":[{"href":"https:\/\/www.atorgael.com\/figurine\/wp-json\/wp\/v2\/media?parent=702"}],"curies":[{"name":"wp","href":"https:\/\/api.w.org\/{rel}","templated":true}]}}